{"id":3,"date":"2019-03-19T19:10:00","date_gmt":"2019-03-19T18:10:00","guid":{"rendered":"http:\/\/fem4cad.com\/?page_id=3"},"modified":"2019-12-09T17:53:03","modified_gmt":"2019-12-09T16:53:03","slug":"polityka-prywatnosci","status":"publish","type":"page","link":"https:\/\/fem4cad.com\/en_us\/polityka-prywatnosci\/","title":{"rendered":"Polityka prywatno\u015bci"},"content":{"rendered":"[et_pb_section fb_built=&#8221;1&#8243; admin_label=&#8221;section&#8221; _builder_version=&#8221;3.22&#8243;][et_pb_row admin_label=&#8221;row&#8221; _builder_version=&#8221;3.25&#8243; background_size=&#8221;initial&#8221; background_position=&#8221;top_left&#8221; background_repeat=&#8221;repeat&#8221;][et_pb_column type=&#8221;4_4&#8243; _builder_version=&#8221;3.25&#8243; custom_padding=&#8221;|||&#8221; custom_padding__hover=&#8221;|||&#8221;][et_pb_text admin_label=&#8221;Text&#8221; _builder_version=&#8221;3.0.74&#8243; background_size=&#8221;initial&#8221; background_position=&#8221;top_left&#8221; background_repeat=&#8221;repeat&#8221;]<p><\/p>\n<p><strong>Polityka prywatno\u015bci Fem4Cad sp. z o.o. <\/strong><\/p>\n<ol>\n<li>Administratorem danych osobowych jest Fem4Cad sp\u00f3\u0142ka z o.o. z siedzib\u0105 przy ul. G\u00f3rniczej 43, 81-572 Gdynia, wpisana do Rejestru KRS prowadzonego przez S\u0105d Rejonowy Gda\u0144sk-P\u00f3\u0142noc w Gda\u0144sku pod nr KRS 0000745707, REGON 381057789, NIP 5862335563 (dalej: Sp\u00f3\u0142ka).<\/li>\n<li>W sprawach dotycz\u0105cych praw zwi\u0105zanych z przetwarzaniem danych osobowych mo\u017cna kontaktowa\u0107 si\u0119 ze Sp\u00f3\u0142k\u0105 na dane adresowe jak w pkt 1 powy\u017cej oraz nadto poprzez: email: office@fem4cad.com telefon +48 515083270 .<\/li>\n<li>Dane osobowe s\u0105 przetwarzane zgodnie z Rozporz\u0105dzeniem Parlamentu Europejskiego i Rady (UE) 2016\/679 z dnia 27 kwietnia 2016 r. w sprawie ochrony os\u00f3b fizycznych w\u00a0zwi\u0105zku z\u00a0przetwarzaniem danych osobowych i w sprawie swobodnego przep\u0142ywu takich danych oraz uchylenia dyrektywy 95\/46\/WE (dalej: RODO), z zachowaniem wymog\u00f3w maj\u0105cych na celu minimalizacj\u0119 danych oraz zapewnienie im bezpiecze\u0144stwa, w tym ochrony przed niedozwolonym lub niezgodnym z prawem przetwarzaniem oraz przypadkow\u0105 utrat\u0105, zniszczeniem lub uszkodzeniem.<\/li>\n<li>Dane osobowe s\u0105 przetwarzane w celu prowadzenia dzia\u0142alno\u015bci gospodarczej przez Sp\u00f3\u0142k\u0119, w szczeg\u00f3lno\u015bci dla: wsp\u00f3\u0142pracy gospodarczej, realizowania zawartych um\u00f3w handlowych, dzia\u0142a\u0144 marketingowych, z\u0142o\u017cenia zapytania o ofert\u0119, zapytania kontaktowego, prowadzenia rekrutacji oraz wynikaj\u0105cych z obowi\u0105zk\u00f3w Sp\u00f3\u0142ki jako pracodawcy, odpowiedzi na zapytania, w tym kierowanych poczt\u0105 elektroniczn\u0105, podejmowania dzia\u0142a\u0144 zwi\u0105zanych z przeciwdzia\u0142aniem praniu pieni\u0119dzy oraz finansowaniu terroryzmu, spe\u0142niania wymog\u00f3w wynikaj\u0105cych z przepis\u00f3w podatkowych i o rachunkowo\u015bci, w tym prowadzenia dokumentacji podatkowej oraz przechowywania dowod\u00f3w ksi\u0119gowych, cele archiwizacyjne.<\/li>\n<li>Dane osobowe s\u0105 przetwarzane przez Sp\u00f3\u0142k\u0119 na podstawie udzielanej zgody \u2013 przez czas na kt\u00f3ry zgoda zosta\u0142a wyra\u017cona, a tak\u017ce w przypadku konieczno\u015bci wykonania obowi\u0105zku prawnego, w celu wykonania umowy lub dla celu wynikaj\u0105cego z prawnie uzasadnionego interesu Sp\u00f3\u0142ki \u2013 przez czas wynikaj\u0105cy z przepis\u00f3w prawa lub konieczny dla zrealizowania interesu Sp\u00f3\u0142ki.<\/li>\n<li>Przes\u0142anie swoich danych imienia i nazwiska poprzez formularz kontaktowy znajduj\u0105cy si\u0119 na stronie internetowej Sp\u00f3\u0142ki pod adresem http:\/\/fem4cad.com\/ nie jest obowi\u0105zkowe, jednak ich podanie u\u0142atwi odniesienie si\u0119 do przes\u0142anego zapytania. Podanie danych kontaktowych jest konieczne dla przes\u0142aniani odpowiedzi przez Sp\u00f3\u0142k\u0119. Skorzystanie z formularza i podanie danych osobowych oznacza wyra\u017cenie zgody na przetwarzanie danych osobowych dla za\u0142atwienia przez Sp\u00f3\u0142k\u0119 sprawy obj\u0119tej zapytaniem i na czas jej za\u0142atwiania.\u00a0<\/li>\n<li>W przypadku nie wyra\u017cenia zgody na podanie danych osobowych na pro\u015bb\u0119 Sp\u00f3\u0142ki, zadanie, kt\u00f3rego dotyczy zgoda na przetwarzanie danych osobowych, nie b\u0119dzie przez Sp\u00f3\u0142k\u0119 realizowane.<\/li>\n<li>Ka\u017cda osoba, kt\u00f3rej dane s\u0105 przetwarzane przez Sp\u00f3\u0142k\u0119 ma prawo \u017c\u0105dania: dost\u0119pu do swoich danych, ich sprostowania, usuni\u0119cia lub ograniczenia przetwarzania, przeniesienia swych danych, cofni\u0119cia wyra\u017conej zgody na ich przetwarzanie, a tak\u017ce do wniesienia skargi do organu nadzorczego zajmuj\u0105cego si\u0119 ochron\u0105 danych osobowych (Biuro Prezesa Urz\u0119du Ochrony Danych Osobowych, adres: Stawki 2, 00-193 Warszawa).<\/li>\n<li>Do przekazanych Sp\u00f3\u0142ce danych osobowych posiadaj\u0105 dost\u0119p uprawnieni przedstawiciele oraz pracownicy Sp\u00f3\u0142ki, wsp\u00f3\u0142pracuj\u0105ce podmioty podwykonawcze, w szczeg\u00f3lno\u015bci \u015bwiadcz\u0105ce us\u0142ugi ksi\u0119gowe, prawnicze i informatyczne.<\/li>\n<li>Dane mog\u0105 by\u0107 przechowywane w serwisach znajduj\u0105cych si\u0119 poza Europejskim Obszarem Gospodarczym, przy zachowaniu odpowiednich \u015brodk\u00f3w zabezpieczaj\u0105cych dost\u0119p do nich przed nieuprawnionymi osobami.<\/li>\n<li>Serwis internetowy Sp\u00f3\u0142ki \u00a0http:\/\/fem4cad.com\/ wykorzystuje pliki cookies, co jednak nie wi\u0105\u017ce si\u0119 z pozyskiwaniem danych osobowych.<\/li>\n<\/ol>\n<p><\/p>[\/et_pb_text][\/et_pb_column][\/et_pb_row][\/et_pb_section]","protected":false},"excerpt":{"rendered":"<p>Polityka prywatno\u015bci Fem4Cad sp. z o.o. Administratorem danych osobowych jest Fem4Cad sp\u00f3\u0142ka z o.o. z siedzib\u0105 przy ul. G\u00f3rniczej 43, 81-572 Gdynia, wpisana do Rejestru KRS prowadzonego przez S\u0105d Rejonowy Gda\u0144sk-P\u00f3\u0142noc w Gda\u0144sku pod nr KRS 0000745707, REGON 381057789, NIP 5862335563 (dalej: Sp\u00f3\u0142ka). W sprawach dotycz\u0105cych praw zwi\u0105zanych z przetwarzaniem danych osobowych mo\u017cna kontaktowa\u0107 si\u0119 [&hellip;]<\/p>","protected":false},"author":1,"featured_media":0,"parent":0,"menu_order":0,"comment_status":"closed","ping_status":"open","template":"","meta":{"_et_pb_use_builder":"on","_et_pb_old_content":"<!-- wp:heading --><h2>Kim jeste\u015bmy<\/h2><!-- \/wp:heading --><!-- wp:paragraph --><p>Adres naszej strony internetowej to: http:\/\/fem4cad.com.<\/p><!-- \/wp:paragraph --><!-- wp:heading --><h2>Jakie dane osobiste zbieramy i dlaczego je zbieramy<\/h2><!-- \/wp:heading --><!-- wp:heading {\"level\":3} --><h3>Komentarze<\/h3><!-- \/wp:heading --><!-- wp:paragraph --><p>Kiedy odwiedzaj\u0105cy witryn\u0119 zostawia komentarz, zbieramy dane widoczne w formularzu komentowania, jak i adres IP odwiedzaj\u0105cego oraz podpis jego przegl\u0105darki jako pomoc przy wykrywaniu spamu.<\/p><!-- \/wp:paragraph --><!-- wp:paragraph --><p>Zanonimizowany ci\u0105g znak\u00f3w stworzony na podstawie twojego adresu email (tak zwany hash) mo\u017ce zosta\u0107 przes\u0142any do us\u0142ugi Gravatar w celu sprawdzenia czy jej u\u017cywasz. Polityka prywatno\u015bci us\u0142ugi Gravatar jest dost\u0119pna tutaj: https:\/\/automattic.com\/privacy\/. Po zatwierdzeniu komentarza tw\u00f3j obrazek profilowy jest widoczny publicznie w kontek\u015bcie twojego komentarza.<\/p><!-- \/wp:paragraph --><!-- wp:heading {\"level\":3} --><h3>Media<\/h3><!-- \/wp:heading --><!-- wp:paragraph --><p>Je\u015bli jeste\u015b zarejestrowanym u\u017cytkownikiem i wgrywasz na witryn\u0119 obrazki, powiniene\u015b unika\u0107 przesy\u0142ania obrazk\u00f3w z tagami EXIF lokalizacji. Odwiedzaj\u0105cy stron\u0119 mog\u0105 pobra\u0107 i odczyta\u0107 pe\u0142ne dane lokalizacyjne z obrazk\u00f3w w witrynie.<\/p><!-- \/wp:paragraph --><!-- wp:heading {\"level\":3} --><h3>Formularze kontaktowe<\/h3><!-- \/wp:heading --><!-- wp:heading {\"level\":3} --><h3>Ciasteczka<\/h3><!-- \/wp:heading --><!-- wp:paragraph --><p>Je\u015bli zostawisz na naszej witrynie komentarz, b\u0119dziesz m\u00f3g\u0142 wybra\u0107 opcj\u0119 zapisu twojej nazwy, adresu email i adresu strony internetowej w ciasteczkach, dzi\u0119ki kt\u00f3rym podczas pisania kolejnych komentarzy powy\u017csze informacje b\u0119d\u0105 ju\u017c dogodnie uzupe\u0142nione. Te ciasteczka wygasaj\u0105 po roku.<\/p><!-- \/wp:paragraph --><!-- wp:paragraph --><p>Je\u015bli masz konto i zalogujesz si\u0119 na tej witrynie, utworzymy tymczasowe ciasteczko na potrzeby sprawdzenia czy twoja przegl\u0105darka akceptuje ciasteczka. To ciasteczko nie zawiera \u017cadnych danych osobistych i zostanie wyrzucone kiedy zamkniesz przegl\u0105dark\u0119.<\/p><!-- \/wp:paragraph --><!-- wp:paragraph --><p>Podczas logowania tworzymy dodatkowo kilka ciasteczek potrzebnych do zapisu twoich informacji logowania oraz wybranych opcji ekranu. Ciasteczka logowania wygasaj\u0105 po dw\u00f3ch dniach, a opcji ekranu po roku. Je\u015bli zaznaczysz opcj\u0119 &bdquo;Pami\u0119taj mnie&rdquo;, logowanie wyga\u015bnie po dw\u00f3ch tygodniach. Je\u015bli wylogujesz si\u0119 ze swojego konta, ciasteczka logowania zostan\u0105 usuni\u0119te.<\/p><!-- \/wp:paragraph --><!-- wp:paragraph --><p>Je\u015bli zmodyfikujesz albo opublikujesz artyku\u0142, w twojej przegl\u0105darce zostanie zapisane dodatkowe ciasteczko. To ciasteczko nie zawiera \u017cadnych danych osobistych, wskazuj\u0105c po prostu na identyfikator przed chwil\u0105 edytowanego artyku\u0142u. Wygasa ono po 1 dniu.<\/p><!-- \/wp:paragraph --><!-- wp:heading {\"level\":3} --><h3>Osadzone tre\u015bci z innych witryn<\/h3><!-- \/wp:heading --><!-- wp:paragraph --><p>Artyku\u0142y na tej witrynie mog\u0105 zawiera\u0107 osadzone tre\u015bci (np. filmy, obrazki, artyku\u0142y itp.). Osadzone tre\u015bci z innych witryn zachowuj\u0105 si\u0119 analogicznie do tego, jakby u\u017cytkownik odwiedzi\u0142 bezpo\u015brednio konkretn\u0105 witryn\u0119.<\/p><!-- \/wp:paragraph --><!-- wp:paragraph --><p>Witryny mog\u0105 zbiera\u0107 informacje o tobie, u\u017cywa\u0107 ciasteczek, do\u0142\u0105cza\u0107 dodatkowe, zewn\u0119trzne systemy \u015bledzenia i monitorowa\u0107 twoje interakcje z osadzonym materia\u0142em, w\u0142\u0105czaj\u0105c w to \u015bledzenie twoich interakcji z osadzonym materia\u0142em je\u015bli posiadasz konto i jeste\u015b zalogowany w tamtej witrynie.<\/p><!-- \/wp:paragraph --><!-- wp:heading {\"level\":3} --><h3>Analiza statystyk<\/h3><!-- \/wp:heading --><!-- wp:heading --><h2>Z kim dzielimy si\u0119 danymi<\/h2><!-- \/wp:heading --><!-- wp:heading --><h2>Jak d\u0142ugo przechowujemy twoje dane<\/h2><!-- \/wp:heading --><!-- wp:paragraph --><p>Je\u015bli zostawisz komentarz, jego tre\u015b\u0107 i metadane b\u0119d\u0105 przechowywane przez czas nieokre\u015blony. Dzi\u0119ki temu jeste\u015bmy w stanie rozpoznawa\u0107 i zatwierdza\u0107 kolejne komentarze automatycznie, bez wysy\u0142ania ich do ka\u017cdorazowej moderacji.<\/p><!-- \/wp:paragraph --><!-- wp:paragraph --><p>Dla u\u017cytkownik\u00f3w kt\u00f3rzy zarejestrowali si\u0119 na naszej stronie internetowej (je\u015bli tacy s\u0105), przechowujemy r\u00f3wnie\u017c informacje osobiste wprowadzone w profilu. Ka\u017cdy u\u017cytkownik mo\u017ce dokona\u0107 wgl\u0105du, korekty albo skasowa\u0107 swoje informacje osobiste w dowolnej chwili (nie licz\u0105c nazwy u\u017cytkownika, kt\u00f3rej nie mo\u017cna zmieni\u0107). Administratorzy strony r\u00f3wnie\u017c mog\u0105 przegl\u0105da\u0107 i modyfikowa\u0107 te informacje.<\/p><!-- \/wp:paragraph --><!-- wp:heading --><h2>Jakie masz prawa do swoich danych<\/h2><!-- \/wp:heading --><!-- wp:paragraph --><p>Je\u015bli masz konto u\u017cytkownika albo doda\u0142e\u015b komentarze w tej witrynie, mo\u017cesz za\u017c\u0105da\u0107 dostarczenia pliku z wyeksportowanym kompletem twoich danych osobistych b\u0119d\u0105cych w naszym posiadaniu, w tym ca\u0142o\u015b\u0107 tych dostarczonych przez ciebie. Mo\u017cesz r\u00f3wnie\u017c za\u017c\u0105da\u0107 usuni\u0119cia przez nas ca\u0142o\u015bci twoich danych osobistych w naszym posiadaniu. Nie dotyczy to \u017cadnych danych kt\u00f3re jeste\u015bmy zobligowani zachowa\u0107 ze wzgl\u0119d\u00f3w administracyjnych, prawnych albo bezpiecze\u0144stwa.<\/p><!-- \/wp:paragraph --><!-- wp:heading --><h2>Gdzie przesy\u0142amy dane<\/h2><!-- \/wp:heading --><!-- wp:paragraph --><p>Komentarze go\u015bci mog\u0105 by\u0107 sprawdzane za pomoc\u0105 automatycznej us\u0142ugi wykrywania spamu.<\/p><!-- \/wp:paragraph --><!-- wp:heading --><h2>Twoje dane kontaktowe<\/h2><!-- \/wp:heading --><!-- wp:heading --><h2>Informacje dodatkowe<\/h2><!-- \/wp:heading --><!-- wp:heading {\"level\":3} --><h3>Jak chronimy twoje dane?<\/h3><!-- \/wp:heading --><!-- wp:heading {\"level\":3} --><h3>Jakie mamy obowi\u0105zuj\u0105ce procedury w przypadku naruszenia prywatno\u015bci danych<\/h3><!-- \/wp:heading --><!-- wp:heading {\"level\":3} --><h3>Od jakich stron trzecich otrzymujemy dane<\/h3><!-- \/wp:heading --><!-- wp:heading {\"level\":3} --><h3>Jakie automatyczne podejmowanie decyzji i\/lub tworzenie profili przeprowadzamy z u\u017cyciem danych u\u017cytkownika<\/h3><!-- \/wp:heading --><!-- wp:heading {\"level\":3} --><h3>Bran\u017cowe wymogi regulacyjne dotycz\u0105ce ujawniania informacji<\/h3><!-- \/wp:heading -->","_et_gb_content_width":"","footnotes":""},"class_list":["post-3","page","type-page","status-publish","hentry"],"_links":{"self":[{"href":"https:\/\/fem4cad.com\/en_us\/wp-json\/wp\/v2\/pages\/3","targetHints":{"allow":["GET"]}}],"collection":[{"href":"https:\/\/fem4cad.com\/en_us\/wp-json\/wp\/v2\/pages"}],"about":[{"href":"https:\/\/fem4cad.com\/en_us\/wp-json\/wp\/v2\/types\/page"}],"author":[{"embeddable":true,"href":"https:\/\/fem4cad.com\/en_us\/wp-json\/wp\/v2\/users\/1"}],"replies":[{"embeddable":true,"href":"https:\/\/fem4cad.com\/en_us\/wp-json\/wp\/v2\/comments?post=3"}],"version-history":[{"count":2,"href":"https:\/\/fem4cad.com\/en_us\/wp-json\/wp\/v2\/pages\/3\/revisions"}],"predecessor-version":[{"id":806,"href":"https:\/\/fem4cad.com\/en_us\/wp-json\/wp\/v2\/pages\/3\/revisions\/806"}],"wp:attachment":[{"href":"https:\/\/fem4cad.com\/en_us\/wp-json\/wp\/v2\/media?parent=3"}],"curies":[{"name":"wp","href":"https:\/\/api.w.org\/{rel}","templated":true}]}}